{"id":15894,"date":"2025-08-23T14:49:53","date_gmt":"2025-08-23T12:49:53","guid":{"rendered":"https:\/\/newsite26.coeo-group.ai\/foretagets-typsnitt\/"},"modified":"2026-04-24T13:25:07","modified_gmt":"2026-04-24T11:25:07","slug":"foretagets-typsnitt","status":"publish","type":"page","link":"https:\/\/www.coeo-group.ai\/sv\/stilguide\/foretagets-typsnitt\/","title":{"rendered":"F\u00f6retagets typsnitt"},"content":{"rendered":"<section class=\"l-section wpb_row height_custom\"><div class=\"l-section-h i-cf\"><div class=\"g-cols vc_row via_flex valign_top type_default stacking_default\"><div class=\"vc_col-sm-12 wpb_column vc_column_container\"><div class=\"vc_column-inner\"><div class=\"wpb_wrapper\"><div class=\"g-cols wpb_row via_flex valign_top type_default stacking_default\"><div class=\"vc_col-sm-8 wpb_column vc_column_container\"><div class=\"vc_column-inner\"><div class=\"wpb_wrapper\">[vc_custom_heading text=&#8221;Karakt\u00e4ren<br \/>\ni varje ord.&#8221; font_container=&#8221;tag:h1|text_align:left&#8221; use_theme_fonts=&#8221;yes&#8221;]<\/div><\/div><\/div><div class=\"vc_col-sm-4 wpb_column vc_column_container\"><div class=\"vc_column-inner\"><div class=\"wpb_wrapper\"><\/div><\/div><\/div><\/div><div class=\"w-separator hide_on_mobiles size_medium\"><\/div><div class=\"wpb_text_column\"><div class=\"wpb_wrapper\"><p><strong>V\u00e5rt f\u00f6retags typsnitt<\/strong> formar hur vi talar &#8211; lugnt, konsekvent och med syfte. Det ger v\u00e5rt inneh\u00e5ll klarhet, rytm och en visuell ton som \u00e5terspeglar vilka vi \u00e4r. Det ger personlighet \u00e5t varje meddelande vi delar.<\/p>\n<\/div><\/div><div class=\"w-separator size_medium\"><\/div>[vc_custom_heading text=&#8221;Sofia Pro&#8221; use_theme_fonts=&#8221;yes&#8221;]<div class=\"wpb_text_column\"><div class=\"wpb_wrapper\"><p>Sofia Pro \u00e5terspeglar k\u00e4rnan i coeo Group &#8211; modern, professionell och l\u00e4ttillg\u00e4nglig. Den rena, geometriska designen s\u00e4kerst\u00e4ller tydlighet och precision, medan de v\u00e4nliga, rundade kanterna ger v\u00e4rme. Typsnittet har en perfekt balans mellan professionalism och l\u00e4ttillg\u00e4nglighet, vilket ger coeo Group en r\u00f6st som \u00e4r b\u00e5de sj\u00e4lvs\u00e4ker och m\u00e4nsklig. Dess m\u00e5ngsidighet g\u00f6r det idealiskt f\u00f6r b\u00e5de digitala och tryckta applikationer, vilket ger en konsekvent n\u00e4rvaro i all kommunikation.   <\/p>\n<p>Vi innehar en f\u00f6retagslicens. I princip \u00e4r tillf\u00e4lligt tillhandah\u00e5llande av typsnittsfilerna till tj\u00e4nsteleverant\u00f6rer i coeo Group ocks\u00e5 m\u00f6jligt under vissa villkor. Du \u00e4r v\u00e4lkommen att <a href=\"mailto:cd@coeo-group.ai\">kontakta oss<\/a>.  <\/p>\n<p><strong><a href=\"https:\/\/fonts.adobe.com\/fonts\/sofia\" target=\"_blank\" rel=\"noopener\">Sofia Pro<\/a> \u00e4r tillg\u00e4nglig f\u00f6r gratis aktivering och anv\u00e4ndning av alla Adobe Creative Cloud-prenumeranter.<\/strong><\/p>\n<\/div><\/div><div class=\"w-separator size_medium\"><\/div><div class=\"g-cols wpb_row styleguide-vier-reihen via_flex valign_top type_default stacking_default\"><div class=\"vc_col-sm-6 wpb_column vc_column_container\"><div class=\"vc_column-inner\"><div class=\"wpb_wrapper\">[vc_custom_heading text=&#8221;Sofia Pro | Bold&#8221; use_theme_fonts=&#8221;yes&#8221;]<div class=\"wpb_text_column corporate-font-bold\"><div class=\"wpb_wrapper\"><p>A B C D E F G H I J K L M N O P Q R S T U V W X Y Z<br \/>\na b c d e f g h i j k l m n o p q r s t u v w x y z<br \/>\n0 1 2 3 4 5 6 7 8 9 ? ! &amp; @ &#8221; &#8221; % * # $ \u00a3 \u20ac \/ ( ) [ ] . , : ; \u00ae \u00a9<\/p>\n<\/div><\/div><\/div><\/div><\/div><div class=\"vc_col-sm-6 wpb_column vc_column_container\"><div class=\"vc_column-inner\"><div class=\"wpb_wrapper\">[vc_custom_heading text=&#8221;Sofia Pro | Bold Italic&#8221; use_theme_fonts=&#8221;yes&#8221;]<div class=\"wpb_text_column corporate-font-bold-i\"><div class=\"wpb_wrapper\"><p>A B C D E F G H I J K L M N O P Q R S T U V W X Y Z<br \/>\na b c d e f g h i j k l m n o p q r s t u v w x y z<br \/>\n0 1 2 3 4 5 6 7 8 9 ? ! &amp; @ &#8221; &#8221; % * # $ \u00a3 \u20ac \/ ( ) [ ] . , : ; \u00ae \u00a9<\/p>\n<\/div><\/div><\/div><\/div><\/div><\/div><div class=\"w-separator size_small\"><\/div><div class=\"g-cols wpb_row styleguide-vier-reihen via_flex valign_top type_default stacking_default\"><div class=\"vc_col-sm-6 wpb_column vc_column_container\"><div class=\"vc_column-inner\"><div class=\"wpb_wrapper\">[vc_custom_heading text=&#8221;Sofia Pro | Regular&#8221; use_theme_fonts=&#8221;yes&#8221;]<div class=\"wpb_text_column corporate-font-regular\"><div class=\"wpb_wrapper\"><p>A B C D E F G H I J K L M N O P Q R S T U V W X Y Z<br \/>\na b c d e f g h i j k l m n o p q r s t u v w x y z<br \/>\n0 1 2 3 4 5 6 7 8 9 ? ! &amp; @ &#8221; &#8221; % * # $ \u00a3 \u20ac \/ ( ) [ ] . , : ; \u00ae \u00a9<\/p>\n<\/div><\/div><\/div><\/div><\/div><div class=\"vc_col-sm-6 wpb_column vc_column_container\"><div class=\"vc_column-inner\"><div class=\"wpb_wrapper\">[vc_custom_heading text=&#8221;Sofia Pro | Regular Italic&#8221; use_theme_fonts=&#8221;yes&#8221;]<div class=\"wpb_text_column corporate-font-regular-i\"><div class=\"wpb_wrapper\"><p>A B C D E F G H I J K L M N O P Q R S T U V W X Y Z<br \/>\na b c d e f g h i j k l m n o p q r s t u v w x y z<br \/>\n0 1 2 3 4 5 6 7 8 9 ? ! &amp; @ &#8221; &#8221; % * # $ \u00a3 \u20ac \/ ( ) [ ] . , : ; \u00ae \u00a9<\/p>\n<\/div><\/div><\/div><\/div><\/div><\/div><div class=\"w-separator size_large\"><\/div>[vc_custom_heading text=&#8221;Reservtypsnitt: Aptos&#8221; use_theme_fonts=&#8221;yes&#8221;]<div class=\"wpb_text_column\"><div class=\"wpb_wrapper\"><p>Ibland \u00e4r Sofia Pro inte tillg\u00e4ngligt &#8211; som i e-postmeddelanden eller Office-program som Word, Excel och PowerPoint. Det \u00e4r d\u00e4r v\u00e5rt reservtypsnitt Aptos kommer in i bilden. Det s\u00e4kerst\u00e4ller att texten ser ren och enhetlig ut och ser till att v\u00e5r r\u00f6st f\u00f6rblir tydlig, \u00e4ven n\u00e4r v\u00e5rt favorittypsnitt tar en paus. Aptos \u00e4r standardteckensnittet i Microsoft Office, s\u00e5 det \u00e4r l\u00e4tt f\u00f6r alla &#8211; b\u00e5de inom och utanf\u00f6r f\u00f6retaget &#8211; att anv\u00e4nda.<\/p>\n<\/div><\/div><div class=\"w-separator size_medium\"><\/div><div class=\"g-cols wpb_row styleguide-vier-reihen via_flex valign_top type_default stacking_default\"><div class=\"vc_col-sm-6 wpb_column vc_column_container\"><div class=\"vc_column-inner\"><div class=\"wpb_wrapper\"><div class=\"w-image aptos-font-kit align_none\"><div class=\"w-image-h\"><img decoding=\"async\" src=\"https:\/\/www.coeo-group.ai\/wp-content\/uploads\/2025\/12\/Typeface-Aptos-Bold.svg\" class=\"attachment-full size-full\" alt=\"\" loading=\"lazy\" \/><\/div><\/div><\/div><\/div><\/div><div class=\"vc_col-sm-6 wpb_column vc_column_container\"><div class=\"vc_column-inner\"><div class=\"wpb_wrapper\"><div class=\"w-image aptos-font-kit align_none\"><div class=\"w-image-h\"><img decoding=\"async\" src=\"https:\/\/www.coeo-group.ai\/wp-content\/uploads\/2025\/12\/Typeface-Aptos-Bold-Italic.svg\" class=\"attachment-full size-full\" alt=\"\" loading=\"lazy\" \/><\/div><\/div><\/div><\/div><\/div><\/div><div class=\"w-separator size_small\"><\/div><div class=\"w-separator size_small\"><\/div><div class=\"g-cols wpb_row styleguide-vier-reihen via_flex valign_top type_default stacking_default\"><div class=\"vc_col-sm-6 wpb_column vc_column_container\"><div class=\"vc_column-inner\"><div class=\"wpb_wrapper\"><div class=\"w-image aptos-font-kit align_none\"><div class=\"w-image-h\"><img decoding=\"async\" src=\"https:\/\/www.coeo-group.ai\/wp-content\/uploads\/2026\/04\/Typeface-Aptos-Light.svg\" class=\"attachment-full size-full\" alt=\"\" loading=\"lazy\" \/><\/div><\/div><\/div><\/div><\/div><div class=\"vc_col-sm-6 wpb_column vc_column_container\"><div class=\"vc_column-inner\"><div class=\"wpb_wrapper\"><div class=\"w-image aptos-font-kit align_none\"><div class=\"w-image-h\"><img decoding=\"async\" src=\"https:\/\/www.coeo-group.ai\/wp-content\/uploads\/2026\/04\/Typeface-Aptos-Light-Italic.svg\" class=\"attachment-full size-full\" alt=\"\" loading=\"lazy\" \/><\/div><\/div><\/div><\/div><\/div><\/div><\/div><\/div><\/div><\/div><\/div><\/section>\n","protected":false},"excerpt":{"rendered":"[vc_custom_heading text=\"Karakt\u00e4ren i varje ord.\" font_container=\"tag:h1|text_align:left\" use_theme_fonts=\"yes\"]V\u00e5rt f\u00f6retags typsnitt formar hur vi talar &#8211; lugnt, konsekvent och med syfte. Det ger v\u00e5rt inneh\u00e5ll klarhet, rytm och en visuell ton som \u00e5terspeglar vilka vi \u00e4r. Det ger personlighet \u00e5t varje meddelande vi delar. [vc_custom_heading text=\"Sofia Pro\" use_theme_fonts=\"yes\"]Sofia Pro \u00e5terspeglar k\u00e4rnan i coeo Group &#8211; modern, professionell...","protected":false},"author":2,"featured_media":0,"parent":15907,"menu_order":0,"comment_status":"closed","ping_status":"closed","template":"","meta":{"_acf_changed":false,"footnotes":""},"class_list":["post-15894","page","type-page","status-publish","hentry"],"acf":[],"_links":{"self":[{"href":"https:\/\/www.coeo-group.ai\/sv\/wp-json\/wp\/v2\/pages\/15894","targetHints":{"allow":["GET"]}}],"collection":[{"href":"https:\/\/www.coeo-group.ai\/sv\/wp-json\/wp\/v2\/pages"}],"about":[{"href":"https:\/\/www.coeo-group.ai\/sv\/wp-json\/wp\/v2\/types\/page"}],"author":[{"embeddable":true,"href":"https:\/\/www.coeo-group.ai\/sv\/wp-json\/wp\/v2\/users\/2"}],"replies":[{"embeddable":true,"href":"https:\/\/www.coeo-group.ai\/sv\/wp-json\/wp\/v2\/comments?post=15894"}],"version-history":[{"count":4,"href":"https:\/\/www.coeo-group.ai\/sv\/wp-json\/wp\/v2\/pages\/15894\/revisions"}],"predecessor-version":[{"id":17286,"href":"https:\/\/www.coeo-group.ai\/sv\/wp-json\/wp\/v2\/pages\/15894\/revisions\/17286"}],"up":[{"embeddable":true,"href":"https:\/\/www.coeo-group.ai\/sv\/wp-json\/wp\/v2\/pages\/15907"}],"wp:attachment":[{"href":"https:\/\/www.coeo-group.ai\/sv\/wp-json\/wp\/v2\/media?parent=15894"}],"curies":[{"name":"wp","href":"https:\/\/api.w.org\/{rel}","templated":true}]}}